{"id":4434,"date":"2025-01-30T10:41:46","date_gmt":"2025-01-30T10:41:46","guid":{"rendered":"https:\/\/safeusediisocyanates.eu\/?page_id=4434"},"modified":"2025-01-30T11:04:00","modified_gmt":"2025-01-30T11:04:00","slug":"datenschutzrichtlinien","status":"publish","type":"page","link":"https:\/\/safeusediisocyanates.eu\/de\/datenschutzrichtlinien\/","title":{"rendered":"Datenschutz"},"content":{"rendered":"\t\t<div data-elementor-type=\"wp-page\" data-elementor-id=\"4434\" class=\"elementor elementor-4434\" data-elementor-post-type=\"page\">\n\t\t\t\t<div class=\"elementor-element elementor-element-77ae3056 e-flex e-con-boxed e-con e-parent\" data-id=\"77ae3056\" data-element_type=\"container\" data-e-type=\"container\">\n\t\t\t\t\t<div class=\"e-con-inner\">\n\t\t\t\t<div class=\"elementor-element elementor-element-5ec3ef9b elementor-widget elementor-widget-text-editor\" data-id=\"5ec3ef9b\" data-element_type=\"widget\" data-e-type=\"widget\" data-widget_type=\"text-editor.default\">\n\t\t\t\t<div class=\"elementor-widget-container\">\n\t\t\t\t\t\t\t\t\t<p>\u00a0<\/p><p>\u00a0<\/p><p>\u00a0<\/p><p>\u00a0<\/p><p class=\"MsoNormal\" style=\"mso-margin-top-alt: auto; mso-margin-bottom-alt: auto; line-height: normal; mso-outline-level: 2;\"><span style=\"font-size: 18.0pt; mso-fareast-font-family: 'Times New Roman'; mso-bidi-font-family: Calibri; mso-bidi-theme-font: minor-latin; color: #019dd9; mso-fareast-language: DE;\">Datenschutz &amp; GDPR-Richtlinie<\/span><\/p><p class=\"MsoNormal\" style=\"margin-bottom: 0cm; line-height: normal; mso-outline-level: 4;\"><b><span style=\"font-size: 12.0pt; mso-fareast-font-family: 'Times New Roman'; mso-bidi-font-family: Calibri; mso-bidi-theme-font: minor-latin; color: #313744; mso-fareast-language: DE;\">Europ\u00e4ischer Verband der Hersteller von Diisocyanaten und Polyolen (ISOPA)<\/span><\/b><\/p><p class=\"MsoNormal\" style=\"margin-bottom: 0cm; line-height: normal;\"><span style=\"font-size: 13.0pt; mso-fareast-font-family: 'Times New Roman'; mso-bidi-font-family: Calibri; mso-bidi-theme-font: minor-latin; color: #5d646f; mso-fareast-language: DE;\">Internationaler gemeinn\u00fctziger Verband<\/span><\/p><p class=\"MsoNormal\" style=\"line-height: normal; margin: 7.5pt 0cm 0cm 0cm;\"><span style=\"font-size: 13.0pt; mso-fareast-font-family: 'Times New Roman'; mso-bidi-font-family: Calibri; mso-bidi-theme-font: minor-latin; color: #5d646f; mso-fareast-language: DE;\">Sitz an der Rue Belliard 65, B-1040 Etterbeek, Belgien<\/span><\/p><p class=\"MsoNormal\" style=\"line-height: normal; margin: 7.5pt 0cm 0cm 0cm;\"><span style=\"font-size: 13.0pt; mso-fareast-font-family: 'Times New Roman'; mso-bidi-font-family: Calibri; mso-bidi-theme-font: minor-latin; color: #5d646f; mso-fareast-language: DE;\">Unternehmens-\/Mehrwertsteuernummer \u00a0BE0649.434.695, RPM Bruxelles<\/span><\/p><p class=\"MsoNormal\" style=\"line-height: normal; margin: 7.5pt 0cm 0cm 0cm;\"><span style=\"font-size: 13.0pt; mso-fareast-font-family: 'Times New Roman'; mso-bidi-font-family: Calibri; mso-bidi-theme-font: minor-latin; color: #5d646f; mso-fareast-language: DE;\">\u00a0<\/span><\/p><p class=\"MsoNormal\" style=\"margin-bottom: 0cm; line-height: normal;\"><b><span style=\"font-size: 13.0pt; mso-fareast-font-family: 'Times New Roman'; mso-bidi-font-family: Calibri; mso-bidi-theme-font: minor-latin; color: #5d646f; mso-fareast-language: DE;\">Europ\u00e4ischer Verband der Hersteller aliphatischer Isocyanate (ALIPA) <\/span><\/b><\/p><p class=\"MsoNormal\" style=\"line-height: normal; margin: 7.5pt 0cm 0cm 0cm;\"><span style=\"font-size: 13.0pt; mso-fareast-font-family: 'Times New Roman'; mso-bidi-font-family: Calibri; mso-bidi-theme-font: minor-latin; color: #5d646f; mso-fareast-language: DE;\">Internationaler gemeinn\u00fctziger Verband<\/span><span style=\"font-size: 13.0pt; mso-fareast-font-family: 'Times New Roman'; mso-bidi-font-family: Calibri; mso-bidi-theme-font: minor-latin; color: #5d646f; mso-ansi-language: DE-CH; mso-fareast-language: DE;\"> <span lang=\"DE-CH\">Sitz an der <\/span><\/span><span style=\"font-size: 13.0pt; mso-fareast-font-family: 'Times New Roman'; mso-bidi-font-family: Calibri; mso-bidi-theme-font: minor-latin; color: #5d646f; mso-fareast-language: DE;\">Rue Belliard 65, B-1040 Etterbeek, Belgien<\/span><\/p><p class=\"MsoNormal\" style=\"line-height: normal; margin: 7.5pt 0cm 0cm 0cm;\"><span style=\"font-size: 13.0pt; mso-fareast-font-family: 'Times New Roman'; mso-bidi-font-family: Calibri; mso-bidi-theme-font: minor-latin; color: #5d646f; mso-fareast-language: DE;\">Unternehmens-\/Mehrwertsteuernummer<\/span><span style=\"font-size: 13.0pt; mso-fareast-font-family: 'Times New Roman'; mso-bidi-font-family: Calibri; mso-bidi-theme-font: minor-latin; color: #5d646f; mso-ansi-language: DE-CH; mso-fareast-language: DE;\"> <span lang=\"DE-CH\">BE0673.850.981, RPM Bruxelles<\/span><\/span><\/p><p class=\"MsoNormal\" style=\"line-height: normal; margin: 7.5pt 0cm 0cm 0cm;\"><span lang=\"DE-CH\" style=\"font-size: 13.0pt; mso-fareast-font-family: 'Times New Roman'; mso-bidi-font-family: Calibri; mso-bidi-theme-font: minor-latin; color: #5d646f; mso-ansi-language: DE-CH; mso-fareast-language: DE;\">\u00a0<\/span><\/p><p class=\"MsoNormal\" style=\"margin-bottom: 0cm; line-height: normal;\"><span style=\"font-size: 13.0pt; mso-fareast-font-family: 'Times New Roman'; mso-bidi-font-family: Calibri; mso-bidi-theme-font: minor-latin; color: #5d646f; mso-fareast-language: DE;\">(Die &#8220; <b>Verb\u00e4nde &#8222;<\/b>)<\/span><\/p><div style=\"mso-element: para-border-div; border: none; border-bottom: solid windowtext 1.0pt; mso-border-bottom-alt: solid windowtext .75pt; padding: 0cm 0cm 1.0pt 0cm;\"><p class=\"MsoNormal\" style=\"margin-bottom: 0cm; line-height: normal; border: none; mso-border-bottom-alt: solid windowtext .75pt; padding: 0cm; mso-padding-alt: 0cm 0cm 1.0pt 0cm;\"><span style=\"font-size: 13.0pt; mso-fareast-font-family: 'Times New Roman'; mso-bidi-font-family: Calibri; mso-bidi-theme-font: minor-latin; color: #5d646f; mso-fareast-language: DE;\">\u00a0<\/span><\/p><\/div><p class=\"MsoNormal\" style=\"margin-bottom: 0cm; line-height: normal;\"><span style=\"font-size: 13.0pt; mso-fareast-font-family: 'Times New Roman'; mso-bidi-font-family: Calibri; mso-bidi-theme-font: minor-latin; color: #5d646f; mso-fareast-language: DE;\">\u00a0<\/span><\/p><p class=\"MsoNormal\" style=\"margin-bottom: 0cm; line-height: normal; mso-outline-level: 4;\"><b><span style=\"font-size: 12.0pt; mso-fareast-font-family: 'Times New Roman'; mso-bidi-font-family: Calibri; mso-bidi-theme-font: minor-latin; color: #313744; mso-fareast-language: DE;\">\u00a0 \u00a0 \u00a0 \u00a0Welchen Zweck hat dieses Dokuments?<\/span><\/b><\/p><p class=\"MsoNormal\" style=\"margin-bottom: 0cm; line-height: normal;\"><span style=\"font-size: 13.0pt; mso-fareast-font-family: 'Times New Roman'; mso-bidi-font-family: Calibri; mso-bidi-theme-font: minor-latin; color: #5d646f; mso-fareast-language: DE;\">Die Verb\u00e4nde verpflichten sich, die Vertraulichkeit und die Sicherheit Ihrer pers\u00f6nlichen Daten zu sch\u00fctzen.<\/span><\/p><p class=\"MsoNormal\" style=\"line-height: normal; margin: 7.5pt 0cm 0cm 0cm;\"><span style=\"font-size: 13.0pt; mso-fareast-font-family: 'Times New Roman'; mso-bidi-font-family: Calibri; mso-bidi-theme-font: minor-latin; color: #5d646f; mso-fareast-language: DE;\">Dieser Datenschutzhinweis beschreibt, wie wir personenbezogene Daten \u00fcber Sie sammeln und verwenden. Die Verb\u00e4nde werden personenbezogene Daten nur in einer Weise verarbeiten, die mit den geltenden Datenschutzvorschriften vereinbar ist.<\/span><\/p><p class=\"MsoNormal\" style=\"line-height: normal; margin: 7.5pt 0cm 0cm 0cm;\"><span style=\"font-size: 13.0pt; mso-fareast-font-family: 'Times New Roman'; mso-bidi-font-family: Calibri; mso-bidi-theme-font: minor-latin; color: #5d646f; mso-fareast-language: DE;\">Wir respektieren Ihre Privatsph\u00e4re und verarbeiten Ihre personenbezogenen Daten nur, soweit dies f\u00fcr unsere Zusammenarbeit mit Ihnen erforderlich ist. Wir bem\u00fchen uns, sicherzustellen, dass die von uns verarbeiteten Informationen korrekt, relevant, angemessen und kein \u00fcberm\u00e4\u00dfiges Ausma\u00df annehmen.<\/span><\/p><ol style=\"margin-top: 0cm;\" start=\"1\" type=\"1\"><li class=\"MsoNormal\" style=\"color: #313744; margin-top: 15.0pt; margin-bottom: 3.75pt; line-height: normal; mso-outline-level: 4; mso-list: l3 level1 lfo1; tab-stops: list 36.0pt;\"><span style=\"font-size: 12.0pt; mso-fareast-font-family: 'Times New Roman'; mso-bidi-font-family: Calibri; mso-bidi-theme-font: minor-latin; mso-fareast-language: DE;\">Grunds\u00e4tze des Datenschutzes<\/span><\/li><\/ol><p class=\"MsoNormal\" style=\"margin-bottom: 0cm; line-height: normal;\"><span style=\"font-size: 13.0pt; mso-fareast-font-family: 'Times New Roman'; mso-bidi-font-family: Calibri; mso-bidi-theme-font: minor-latin; color: #5d646f; mso-fareast-language: DE;\">\u00a0Wir halten uns an das Datenschutzrecht. Dieses besagt, dass die personenbezogenen Informationen, die wir \u00fcber Sie haben, <\/span><\/p><p class=\"MsoNormal\" style=\"text-indent: -18.0pt; line-height: normal; mso-list: l20 level1 lfo2; tab-stops: list 36.0pt; margin: 0cm 0cm 0cm 36.0pt;\"><span style=\"font-size: 13.0pt; mso-bidi-font-family: Calibri; mso-bidi-theme-font: minor-latin; color: #5d646f; mso-fareast-language: DE;\">1.<span style=\"font-variant-numeric: normal; font-variant-east-asian: normal; font-variant-alternates: normal; font-size-adjust: none; font-kerning: auto; font-optical-sizing: auto; font-feature-settings: normal; font-variation-settings: normal; font-variant-position: normal; font-variant-emoji: normal; font-stretch: normal; font-size: 7pt; line-height: normal; font-family: 'Times New Roman';\">\u00a0\u00a0\u00a0\u00a0 <\/span><\/span><span style=\"font-size: 13.0pt; mso-fareast-font-family: 'Times New Roman'; mso-bidi-font-family: Calibri; mso-bidi-theme-font: minor-latin; color: #5d646f; mso-fareast-language: DE;\">in \u00dcbereinstimmung mit den rechtlichen Vorschriften, fair und auf transparente Weise verwendet werden m\u00fcssen.<\/span><\/p><p class=\"MsoNormal\" style=\"text-indent: -18.0pt; line-height: normal; mso-list: l20 level1 lfo2; tab-stops: list 36.0pt; margin: 0cm 0cm 0cm 36.0pt;\"><span style=\"font-size: 13.0pt; mso-bidi-font-family: Calibri; mso-bidi-theme-font: minor-latin; color: #5d646f; mso-fareast-language: DE;\">2.<span style=\"font-variant-numeric: normal; font-variant-east-asian: normal; font-variant-alternates: normal; font-size-adjust: none; font-kerning: auto; font-optical-sizing: auto; font-feature-settings: normal; font-variation-settings: normal; font-variant-position: normal; font-variant-emoji: normal; font-stretch: normal; font-size: 7pt; line-height: normal; font-family: 'Times New Roman';\">\u00a0\u00a0\u00a0\u00a0 <\/span><\/span><span style=\"font-size: 13.0pt; mso-fareast-font-family: 'Times New Roman'; mso-bidi-font-family: Calibri; mso-bidi-theme-font: minor-latin; color: #5d646f; mso-fareast-language: DE;\">nur f\u00fcr festgelegte, eindeutige und rechtm\u00e4\u00dfige Zwecke erhoben werden d\u00fcrfen, die wir Ihnen klar erl\u00e4utert haben, und nicht in einer Weise verwendet werden d\u00fcrfen, die mit diesen Zwecken unvereinbar ist.<\/span><\/p><p class=\"MsoNormal\" style=\"text-indent: -18.0pt; line-height: normal; mso-list: l20 level1 lfo2; tab-stops: list 36.0pt; margin: 0cm 0cm 0cm 36.0pt;\"><span style=\"font-size: 13.0pt; mso-bidi-font-family: Calibri; mso-bidi-theme-font: minor-latin; color: #5d646f; mso-fareast-language: DE;\">3.<span style=\"font-variant-numeric: normal; font-variant-east-asian: normal; font-variant-alternates: normal; font-size-adjust: none; font-kerning: auto; font-optical-sizing: auto; font-feature-settings: normal; font-variation-settings: normal; font-variant-position: normal; font-variant-emoji: normal; font-stretch: normal; font-size: 7pt; line-height: normal; font-family: 'Times New Roman';\">\u00a0\u00a0\u00a0\u00a0 <\/span><\/span><span style=\"font-size: 13.0pt; mso-fareast-font-family: 'Times New Roman'; mso-bidi-font-family: Calibri; mso-bidi-theme-font: minor-latin; color: #5d646f; mso-fareast-language: DE;\">wesentlich f\u00fcr die Zwecke sind, \u00fcber die wir Sie informiert haben, und nicht \u00fcber diese Zwecke hinausgehen.<\/span><\/p><p class=\"MsoNormal\" style=\"text-indent: -18.0pt; line-height: normal; mso-list: l20 level1 lfo2; tab-stops: list 36.0pt; margin: 0cm 0cm 0cm 36.0pt;\"><span style=\"font-size: 13.0pt; mso-bidi-font-family: Calibri; mso-bidi-theme-font: minor-latin; color: #5d646f; mso-fareast-language: DE;\">4.<span style=\"font-variant-numeric: normal; font-variant-east-asian: normal; font-variant-alternates: normal; font-size-adjust: none; font-kerning: auto; font-optical-sizing: auto; font-feature-settings: normal; font-variation-settings: normal; font-variant-position: normal; font-variant-emoji: normal; font-stretch: normal; font-size: 7pt; line-height: normal; font-family: 'Times New Roman';\">\u00a0\u00a0\u00a0\u00a0 <\/span><\/span><span style=\"font-size: 13.0pt; mso-fareast-font-family: 'Times New Roman'; mso-bidi-font-family: Calibri; mso-bidi-theme-font: minor-latin; color: #5d646f; mso-fareast-language: DE;\">zutreffend und auf dem neuesten Stand sind.<\/span><\/p><p class=\"MsoNormal\" style=\"text-indent: -18.0pt; line-height: normal; mso-list: l20 level1 lfo2; tab-stops: list 36.0pt; margin: 0cm 0cm 0cm 36.0pt;\"><span style=\"font-size: 13.0pt; mso-bidi-font-family: Calibri; mso-bidi-theme-font: minor-latin; color: #5d646f; mso-fareast-language: DE;\">5.<span style=\"font-variant-numeric: normal; font-variant-east-asian: normal; font-variant-alternates: normal; font-size-adjust: none; font-kerning: auto; font-optical-sizing: auto; font-feature-settings: normal; font-variation-settings: normal; font-variant-position: normal; font-variant-emoji: normal; font-stretch: normal; font-size: 7pt; line-height: normal; font-family: 'Times New Roman';\">\u00a0\u00a0\u00a0\u00a0 <\/span><\/span><span style=\"font-size: 13.0pt; mso-fareast-font-family: 'Times New Roman'; mso-bidi-font-family: Calibri; mso-bidi-theme-font: minor-latin; color: #5d646f; mso-fareast-language: DE;\">nur so lange aufbewahrt werden, wie es f\u00fcr die von uns genannten Zwecke erforderlich ist.<\/span><\/p><p class=\"MsoNormal\" style=\"text-indent: -18.0pt; line-height: normal; mso-list: l20 level1 lfo2; tab-stops: list 36.0pt; margin: 0cm 0cm 0cm 36.0pt;\"><span style=\"font-size: 13.0pt; mso-bidi-font-family: Calibri; mso-bidi-theme-font: minor-latin; color: #5d646f; mso-fareast-language: DE;\">6.<span style=\"font-variant-numeric: normal; font-variant-east-asian: normal; font-variant-alternates: normal; font-size-adjust: none; font-kerning: auto; font-optical-sizing: auto; font-feature-settings: normal; font-variation-settings: normal; font-variant-position: normal; font-variant-emoji: normal; font-stretch: normal; font-size: 7pt; line-height: normal; font-family: 'Times New Roman';\">\u00a0\u00a0\u00a0\u00a0 <\/span><\/span><span style=\"font-size: 13.0pt; mso-fareast-font-family: 'Times New Roman'; mso-bidi-font-family: Calibri; mso-bidi-theme-font: minor-latin; color: #5d646f; mso-fareast-language: DE;\">sicher aufbewahrt werden.<\/span><\/p><p class=\"MsoNormal\" style=\"margin-bottom: 0cm; line-height: normal;\"><span style=\"font-size: 13.0pt; mso-fareast-font-family: 'Times New Roman'; mso-bidi-font-family: Calibri; mso-bidi-theme-font: minor-latin; color: #5d646f; mso-fareast-language: DE;\">\u00a0<\/span><\/p><p class=\"MsoNormal\" style=\"line-height: normal; mso-outline-level: 4; margin: 15.0pt 0cm 3.75pt 0cm;\"><span style=\"font-size: 12.0pt; mso-fareast-font-family: 'Times New Roman'; mso-bidi-font-family: Calibri; mso-bidi-theme-font: minor-latin; color: #313744; mso-fareast-language: DE;\">\u00a0 \u00a0 2. Wir k\u00f6nnen die folgenden Kategorien von personenbezogenen Daten \u00fcber Sie sammeln, speichern und verwenden:<\/span><\/p><ul style=\"margin-top: 0cm;\" type=\"disc\"><li class=\"MsoNormal\" style=\"color: #5d646f; margin-bottom: 0cm; line-height: normal; mso-list: l2 level1 lfo3; tab-stops: list 36.0pt;\"><span style=\"font-size: 13.0pt; mso-fareast-font-family: 'Times New Roman'; mso-bidi-font-family: Calibri; mso-bidi-theme-font: minor-latin; mso-fareast-language: DE;\">Ihr Vorname<\/span><\/li><li class=\"MsoNormal\" style=\"color: #5d646f; margin-bottom: 0cm; line-height: normal; mso-list: l2 level1 lfo3; tab-stops: list 36.0pt;\"><span style=\"font-size: 13.0pt; mso-fareast-font-family: 'Times New Roman'; mso-bidi-font-family: Calibri; mso-bidi-theme-font: minor-latin; mso-fareast-language: DE;\">Nachname<\/span><\/li><li class=\"MsoNormal\" style=\"color: #5d646f; margin-bottom: 0cm; line-height: normal; mso-list: l2 level1 lfo3; tab-stops: list 36.0pt;\"><span style=\"font-size: 13.0pt; mso-fareast-font-family: 'Times New Roman'; mso-bidi-font-family: Calibri; mso-bidi-theme-font: minor-latin; mso-fareast-language: DE;\">E-Mail Adresse und Best\u00e4tigungs-E-Mail Adresse<\/span><\/li><li class=\"MsoNormal\" style=\"color: #5d646f; margin-bottom: 0cm; line-height: normal; mso-list: l2 level1 lfo3; tab-stops: list 36.0pt;\"><span style=\"font-size: 13.0pt; mso-fareast-font-family: 'Times New Roman'; mso-bidi-font-family: Calibri; mso-bidi-theme-font: minor-latin; mso-fareast-language: DE;\">Name und Anschrift des Unternehmens im Falle der Rechnungsstellung<\/span><\/li><li class=\"MsoNormal\" style=\"color: #5d646f; margin-bottom: 0cm; line-height: normal; mso-list: l2 level1 lfo3; tab-stops: list 36.0pt;\"><span style=\"font-size: 13.0pt; mso-fareast-font-family: 'Times New Roman'; mso-bidi-font-family: Calibri; mso-bidi-theme-font: minor-latin; mso-fareast-language: DE;\">Plattform-ID und Passwort<\/span><\/li><li class=\"MsoNormal\" style=\"color: #5d646f; margin-bottom: 0cm; line-height: normal; mso-list: l2 level1 lfo3; tab-stops: list 36.0pt;\"><span style=\"font-size: 13.0pt; mso-fareast-font-family: 'Times New Roman'; mso-bidi-font-family: Calibri; mso-bidi-theme-font: minor-latin; mso-fareast-language: DE;\">Datum und Uhrzeit des Zugangs zur Plattform<\/span><\/li><li class=\"MsoNormal\" style=\"color: #5d646f; margin-bottom: 0cm; line-height: normal; mso-list: l2 level1 lfo3; tab-stops: list 36.0pt;\"><span style=\"font-size: 13.0pt; mso-fareast-font-family: 'Times New Roman'; mso-bidi-font-family: Calibri; mso-bidi-theme-font: minor-latin; mso-fareast-language: DE;\">Andere Daten, die Sie uns mitgeteilt haben<\/span><\/li><\/ul><p class=\"MsoNormal\" style=\"margin-bottom: 0cm; line-height: normal;\"><span style=\"font-size: 13.0pt; mso-fareast-font-family: 'Times New Roman'; mso-bidi-font-family: Calibri; mso-bidi-theme-font: minor-latin; color: #5d646f; mso-fareast-language: DE;\">\u00a0<\/span><\/p><ol style=\"margin-top: 0cm;\" start=\"3\" type=\"1\"><li class=\"MsoNormal\" style=\"color: #313744; margin-top: 15.0pt; margin-bottom: 3.75pt; line-height: normal; mso-outline-level: 4; mso-list: l1 level1 lfo4; tab-stops: list 36.0pt;\"><span style=\"font-size: 12.0pt; mso-fareast-font-family: 'Times New Roman'; mso-bidi-font-family: Calibri; mso-bidi-theme-font: minor-latin; mso-fareast-language: DE;\">Wie werden Ihre pers\u00f6nlichen Daten erfasst?<\/span><\/li><\/ol><p class=\"MsoNormal\" style=\"margin-bottom: 0cm; line-height: normal;\"><span style=\"font-size: 13.0pt; mso-fareast-font-family: 'Times New Roman'; mso-bidi-font-family: Calibri; mso-bidi-theme-font: minor-latin; color: #5d646f; mso-fareast-language: DE;\">Wir sammeln in der Regel personenbezogene Daten von:<\/span><\/p><ul style=\"margin-top: 0cm;\" type=\"disc\"><li class=\"MsoNormal\" style=\"color: #5d646f; margin-bottom: 0cm; line-height: normal; mso-list: l19 level1 lfo5; tab-stops: list 36.0pt;\"><span style=\"font-size: 13.0pt; mso-fareast-font-family: 'Times New Roman'; mso-bidi-font-family: Calibri; mso-bidi-theme-font: minor-latin; mso-fareast-language: DE;\">Mitgliedsunternehmen der Verb\u00e4nde;<\/span><\/li><li class=\"MsoNormal\" style=\"color: #5d646f; margin-bottom: 0cm; line-height: normal; mso-list: l19 level1 lfo5; tab-stops: list 36.0pt;\"><span style=\"font-size: 13.0pt; mso-fareast-font-family: 'Times New Roman'; mso-bidi-font-family: Calibri; mso-bidi-theme-font: minor-latin; mso-fareast-language: DE;\">Vertreter der Mitgliedsunternehmen der Verb\u00e4nde;<\/span><\/li><li class=\"MsoNormal\" style=\"color: #5d646f; margin-bottom: 0cm; line-height: normal; mso-list: l19 level1 lfo5; tab-stops: list 36.0pt;\"><span style=\"font-size: 13.0pt; mso-fareast-font-family: 'Times New Roman'; mso-bidi-font-family: Calibri; mso-bidi-theme-font: minor-latin; mso-fareast-language: DE;\">Anderen Vertretern, Experten, Dienstleistern und Personen, die mit den Verb\u00e4nden in Kontakt stehen;<\/span><\/li><li class=\"MsoNormal\" style=\"color: #5d646f; margin-bottom: 0cm; line-height: normal; mso-list: l19 level1 lfo5; tab-stops: list 36.0pt;\"><span style=\"font-size: 13.0pt; mso-fareast-font-family: 'Times New Roman'; mso-bidi-font-family: Calibri; mso-bidi-theme-font: minor-latin; mso-fareast-language: DE;\">Abonnements f\u00fcr Verbandsmitteilungen\/Newsletter\/Nachrichtendienste;<\/span><\/li><li class=\"MsoNormal\" style=\"color: #5d646f; margin-bottom: 0cm; line-height: normal; mso-list: l19 level1 lfo5; tab-stops: list 36.0pt;\"><span style=\"font-size: 13.0pt; mso-fareast-font-family: 'Times New Roman'; mso-bidi-font-family: Calibri; mso-bidi-theme-font: minor-latin; mso-fareast-language: DE;\">Anmeldungen zu Veranstaltungen oder Initiativen, die von den Verb\u00e4nden organisiert, gef\u00f6rdert oder unterst\u00fctzt werden;<\/span><\/li><li class=\"MsoNormal\" style=\"color: #5d646f; margin-bottom: 0cm; line-height: normal; mso-list: l19 level1 lfo5; tab-stops: list 36.0pt;\"><span style=\"font-size: 13.0pt; mso-fareast-font-family: 'Times New Roman'; mso-bidi-font-family: Calibri; mso-bidi-theme-font: minor-latin; mso-fareast-language: DE;\">Anmeldungen auf Teilnahme als autorisierter Nutzer der Plattform, \u00fcber die der Zugang zu bestimmten Inhalten im Intranet der Verb\u00e4nde erh\u00e4ltlich ist;<\/span><\/li><li class=\"MsoNormal\" style=\"color: #5d646f; margin-bottom: 0cm; line-height: normal; mso-list: l19 level1 lfo5; tab-stops: list 36.0pt;\"><span style=\"font-size: 13.0pt; mso-fareast-font-family: 'Times New Roman'; mso-bidi-font-family: Calibri; mso-bidi-theme-font: minor-latin; mso-fareast-language: DE;\">der Eingabe von Daten, die f\u00fcr den weiteren autorisierten Zugang zu und die ordnungsgem\u00e4\u00dfe Durchf\u00fchrung eines kontrollierten privaten Netzdienstes und der Plattform erforderlich sind; oder<\/span><\/li><li class=\"MsoNormal\" style=\"color: #5d646f; margin-bottom: 0cm; line-height: normal; mso-list: l19 level1 lfo5; tab-stops: list 36.0pt;\"><span style=\"font-size: 13.0pt; mso-fareast-font-family: 'Times New Roman'; mso-bidi-font-family: Calibri; mso-bidi-theme-font: minor-latin; mso-fareast-language: DE;\">aus andere Quellen.<\/span><\/li><\/ul><p class=\"MsoNormal\" style=\"margin-bottom: 0cm; line-height: normal;\"><span style=\"font-size: 13.0pt; mso-fareast-font-family: 'Times New Roman'; mso-bidi-font-family: Calibri; mso-bidi-theme-font: minor-latin; color: #5d646f; mso-fareast-language: DE;\">Dar\u00fcber hinaus sammeln wir Informationen, die Sie uns spontan zur Verf\u00fcgung stellen, indem Sie uns Korrespondenz per E-Mail, Post oder auf anderem Wege zusenden, unsere Website und Intranet- und Nachrichtendienste besuchen und nutzen, Ihre Visitenkarten hinterlassen oder uns auf andere Weise Informationen zur Verf\u00fcgung stellen.<\/span><\/p><p class=\"MsoNormal\" style=\"line-height: normal; margin: 7.5pt 0cm 0cm 0cm;\"><span style=\"font-size: 13.0pt; mso-fareast-font-family: 'Times New Roman'; mso-bidi-font-family: Calibri; mso-bidi-theme-font: minor-latin; color: #5d646f; mso-fareast-language: DE;\">\u00a0<\/span><\/p><ol style=\"margin-top: 0cm;\" start=\"4\" type=\"1\"><li class=\"MsoNormal\" style=\"color: #313744; margin-bottom: 0cm; line-height: normal; mso-outline-level: 4; mso-list: l15 level1 lfo6; tab-stops: list 36.0pt;\"><b>Wer hat Zugang zu Ihren pers\u00f6nlichen Daten?<\/b><\/li><\/ol><p class=\"MsoNormal\" style=\"margin-bottom: 0cm; line-height: normal;\"><span style=\"font-size: 13.0pt; mso-fareast-font-family: 'Times New Roman'; mso-bidi-font-family: Calibri; mso-bidi-theme-font: minor-latin; color: #5d646f; mso-fareast-language: DE;\">Die Angestellten und Direktoren des Verbandes sowie die Beauftragten des Verbandes (einschlie\u00dflich idloom, dem Beauftragten des Verbandes, der f\u00fcr die Verwaltung des Zugangs und den Betrieb der Plattform und des kontrollierten privaten Netzes zust\u00e4ndig ist) haben Zugang zu Ihren pers\u00f6nlichen Daten. Sie werden diesen Zugang nur nutzen, wenn es notwendig ist und nur f\u00fcr die angegebenen Zwecke.<\/span><\/p><p class=\"MsoNormal\" style=\"line-height: normal; margin: 7.5pt 0cm 0cm 0cm;\"><span style=\"font-size: 13.0pt; mso-fareast-font-family: 'Times New Roman'; mso-bidi-font-family: Calibri; mso-bidi-theme-font: minor-latin; color: #5d646f; mso-fareast-language: DE;\">In Ausnahmef\u00e4llen k\u00f6nnen andere Personen auf Ihre personenbezogenen Daten zugreifen (siehe unten unter &#8222;Datenweitergabe&#8220;).<\/span><\/p><p class=\"MsoNormal\" style=\"line-height: normal; margin: 7.5pt 0cm 0cm 0cm;\"><span style=\"font-size: 13.0pt; mso-fareast-font-family: 'Times New Roman'; mso-bidi-font-family: Calibri; mso-bidi-theme-font: minor-latin; color: #5d646f; mso-fareast-language: DE;\">\u00a0<\/span><\/p><ol style=\"margin-top: 0cm;\" start=\"5\" type=\"1\"><li class=\"MsoNormal\" style=\"color: #313744; margin-top: 15.0pt; margin-bottom: 3.75pt; line-height: normal; mso-outline-level: 4; mso-list: l9 level1 lfo7; tab-stops: list 36.0pt;\"><span style=\"font-size: 12.0pt; mso-fareast-font-family: 'Times New Roman'; mso-bidi-font-family: Calibri; mso-bidi-theme-font: minor-latin; mso-fareast-language: DE;\">Wie wir Informationen \u00fcber Sie verwenden werden<\/span><\/li><\/ol><p class=\"MsoNormal\" style=\"margin-bottom: 0cm; line-height: normal;\"><span style=\"font-size: 13.0pt; mso-fareast-font-family: 'Times New Roman'; mso-bidi-font-family: Calibri; mso-bidi-theme-font: minor-latin; color: #5d646f; mso-fareast-language: DE;\">Wir werden Ihre personenbezogenen Daten nur dann verwenden, wenn wir eine rechtm\u00e4\u00dfige Grundlage daf\u00fcr haben. In den meisten F\u00e4llen werden wir Ihre personenbezogenen Daten unter den folgenden Umst\u00e4nden verwenden:<\/span><\/p><p class=\"MsoNormal\" style=\"text-indent: -18.0pt; line-height: normal; mso-list: l14 level1 lfo8; tab-stops: list 36.0pt; margin: 0cm 0cm 0cm 36.0pt;\"><span style=\"font-size: 13.0pt; mso-bidi-font-family: Calibri; mso-bidi-theme-font: minor-latin; color: #5d646f; mso-fareast-language: DE;\">1.<span style=\"font-variant-numeric: normal; font-variant-east-asian: normal; font-variant-alternates: normal; font-size-adjust: none; font-kerning: auto; font-optical-sizing: auto; font-feature-settings: normal; font-variation-settings: normal; font-variant-position: normal; font-variant-emoji: normal; font-stretch: normal; font-size: 7pt; line-height: normal; font-family: 'Times New Roman';\">\u00a0\u00a0\u00a0\u00a0 <\/span><\/span><span style=\"font-size: 13.0pt; mso-fareast-font-family: 'Times New Roman'; mso-bidi-font-family: Calibri; mso-bidi-theme-font: minor-latin; color: #5d646f; mso-fareast-language: DE;\">Wenn wir einer gesetzlichen Verpflichtung nachkommen m\u00fcssen;<\/span><\/p><p class=\"MsoNormal\" style=\"text-indent: -18.0pt; line-height: normal; mso-list: l14 level1 lfo8; tab-stops: list 36.0pt; margin: 0cm 0cm 0cm 36.0pt;\"><span style=\"font-size: 13.0pt; mso-bidi-font-family: Calibri; mso-bidi-theme-font: minor-latin; color: #5d646f; mso-fareast-language: DE;\">2.<span style=\"font-variant-numeric: normal; font-variant-east-asian: normal; font-variant-alternates: normal; font-size-adjust: none; font-kerning: auto; font-optical-sizing: auto; font-feature-settings: normal; font-variation-settings: normal; font-variant-position: normal; font-variant-emoji: normal; font-stretch: normal; font-size: 7pt; line-height: normal; font-family: 'Times New Roman';\">\u00a0\u00a0\u00a0\u00a0 <\/span><\/span><span style=\"font-size: 13.0pt; mso-fareast-font-family: 'Times New Roman'; mso-bidi-font-family: Calibri; mso-bidi-theme-font: minor-latin; color: #5d646f; mso-fareast-language: DE;\">Wenn es f\u00fcr unsere berechtigten Interessen notwendig ist;<\/span><\/p><p class=\"MsoNormal\" style=\"text-indent: -18.0pt; line-height: normal; mso-list: l14 level1 lfo8; tab-stops: list 36.0pt; margin: 0cm 0cm 0cm 36.0pt;\"><span style=\"font-size: 13.0pt; mso-bidi-font-family: Calibri; mso-bidi-theme-font: minor-latin; color: #5d646f; mso-fareast-language: DE;\">3.<span style=\"font-variant-numeric: normal; font-variant-east-asian: normal; font-variant-alternates: normal; font-size-adjust: none; font-kerning: auto; font-optical-sizing: auto; font-feature-settings: normal; font-variation-settings: normal; font-variant-position: normal; font-variant-emoji: normal; font-stretch: normal; font-size: 7pt; line-height: normal; font-family: 'Times New Roman';\">\u00a0\u00a0\u00a0\u00a0 <\/span><\/span><span style=\"font-size: 13.0pt; mso-fareast-font-family: 'Times New Roman'; mso-bidi-font-family: Calibri; mso-bidi-theme-font: minor-latin; color: #5d646f; mso-fareast-language: DE;\">Zur Erf\u00fcllung einer vertraglichen Verpflichtung;<\/span><\/p><p class=\"MsoNormal\" style=\"text-indent: -18.0pt; line-height: normal; mso-list: l14 level1 lfo8; tab-stops: list 36.0pt; margin: 0cm 0cm 0cm 36.0pt;\"><span style=\"font-size: 13.0pt; mso-bidi-font-family: Calibri; mso-bidi-theme-font: minor-latin; color: #5d646f; mso-fareast-language: DE;\">4.<span style=\"font-variant-numeric: normal; font-variant-east-asian: normal; font-variant-alternates: normal; font-size-adjust: none; font-kerning: auto; font-optical-sizing: auto; font-feature-settings: normal; font-variation-settings: normal; font-variant-position: normal; font-variant-emoji: normal; font-stretch: normal; font-size: 7pt; line-height: normal; font-family: 'Times New Roman';\">\u00a0\u00a0\u00a0\u00a0 <\/span><\/span><span style=\"font-size: 13.0pt; mso-fareast-font-family: 'Times New Roman'; mso-bidi-font-family: Calibri; mso-bidi-theme-font: minor-latin; color: #5d646f; mso-fareast-language: DE;\">Wenn Sie Ihre Zustimmung zur Datenverarbeitung gegeben haben;<\/span><\/p><p class=\"MsoNormal\" style=\"text-indent: -18.0pt; line-height: normal; mso-list: l14 level1 lfo8; tab-stops: list 36.0pt; margin: 0cm 0cm 0cm 36.0pt;\"><span style=\"font-size: 13.0pt; mso-bidi-font-family: Calibri; mso-bidi-theme-font: minor-latin; color: #5d646f; mso-fareast-language: DE;\">5.<span style=\"font-variant-numeric: normal; font-variant-east-asian: normal; font-variant-alternates: normal; font-size-adjust: none; font-kerning: auto; font-optical-sizing: auto; font-feature-settings: normal; font-variation-settings: normal; font-variant-position: normal; font-variant-emoji: normal; font-stretch: normal; font-size: 7pt; line-height: normal; font-family: 'Times New Roman';\">\u00a0\u00a0\u00a0\u00a0 <\/span><\/span><span style=\"font-size: 13.0pt; mso-fareast-font-family: 'Times New Roman'; mso-bidi-font-family: Calibri; mso-bidi-theme-font: minor-latin; color: #5d646f; mso-fareast-language: DE;\">Wir k\u00f6nnen Ihre personenbezogenen Daten auch in den folgenden Situationen verarbeiten, die wahrscheinlich selten sind:<\/span><\/p><p class=\"MsoNormal\" style=\"text-indent: -18.0pt; line-height: normal; mso-list: l14 level2 lfo8; tab-stops: list 72.0pt; margin: 0cm 0cm 0cm 72.0pt;\"><span style=\"font-size: 10.0pt; mso-bidi-font-size: 13.0pt; font-family: 'Courier New'; mso-fareast-font-family: 'Courier New'; color: #5d646f; mso-fareast-language: DE;\">o<span style=\"font-variant-numeric: normal; font-variant-east-asian: normal; font-variant-alternates: normal; font-size-adjust: none; font-kerning: auto; font-optical-sizing: auto; font-feature-settings: normal; font-variation-settings: normal; font-variant-position: normal; font-variant-emoji: normal; font-stretch: normal; font-size: 7pt; line-height: normal; font-family: 'Times New Roman';\">\u00a0\u00a0 <\/span><\/span><span style=\"font-size: 13.0pt; mso-fareast-font-family: 'Times New Roman'; mso-bidi-font-family: Calibri; mso-bidi-theme-font: minor-latin; color: #5d646f; mso-fareast-language: DE;\">Wenn wir Ihre Interessen (oder die Interessen einer anderen Person) sch\u00fctzen m\u00fcssen, z. B. wenn jemand Ihre Plattform-ID und Ihr Passwort (die im Rahmen des ISOPA-kontrollierten privaten Netzdienstes vergeben wurden) f\u00e4lschlicherweise dupliziert oder verwendet hat;<\/span><\/p><p class=\"MsoNormal\" style=\"text-indent: -18.0pt; line-height: normal; mso-list: l14 level2 lfo8; tab-stops: list 72.0pt; margin: 0cm 0cm 0cm 72.0pt;\"><span style=\"font-size: 10.0pt; mso-bidi-font-size: 13.0pt; font-family: 'Courier New'; mso-fareast-font-family: 'Courier New'; color: #5d646f; mso-fareast-language: DE;\">o<span style=\"font-variant-numeric: normal; font-variant-east-asian: normal; font-variant-alternates: normal; font-size-adjust: none; font-kerning: auto; font-optical-sizing: auto; font-feature-settings: normal; font-variation-settings: normal; font-variant-position: normal; font-variant-emoji: normal; font-stretch: normal; font-size: 7pt; line-height: normal; font-family: 'Times New Roman';\">\u00a0\u00a0 <\/span><\/span><span style=\"font-size: 13.0pt; mso-fareast-font-family: 'Times New Roman'; mso-bidi-font-family: Calibri; mso-bidi-theme-font: minor-latin; color: #5d646f; mso-fareast-language: DE;\">Wenn dies im \u00f6ffentlichen Interesse ist oder f\u00fcr amtliche Zwecke erforderlich ist, z. B. im Falle von Betrug oder der Verwendung einer gef\u00e4lschten Identit\u00e4t.<br \/><br \/><\/span><\/p><ol style=\"margin-top: 0cm;\" start=\"6\" type=\"1\"><li class=\"MsoNormal\" style=\"color: #313744; margin-bottom: 0cm; line-height: normal; mso-outline-level: 4; mso-list: l4 level1 lfo9; tab-stops: list 36.0pt;\"><b>Situationen, in denen wir Ihre pers\u00f6nlichen Daten verwenden werden<\/b><\/li><\/ol><p class=\"MsoNormal\" style=\"margin-bottom: 0cm; line-height: normal;\"><span style=\"font-size: 13.0pt; mso-fareast-font-family: 'Times New Roman'; mso-bidi-font-family: Calibri; mso-bidi-theme-font: minor-latin; color: #5d646f; mso-fareast-language: DE;\">Die Situationen, in denen wir Ihre personenbezogenen Daten verarbeiten, sind nachstehend aufgef\u00fchrt:<\/span><\/p><ul style=\"margin-top: 0cm;\" type=\"disc\"><li class=\"MsoNormal\" style=\"color: #5d646f; margin-bottom: 0cm; line-height: normal; mso-list: l10 level1 lfo10; tab-stops: list 36.0pt;\"><span style=\"font-size: 13.0pt; mso-fareast-font-family: 'Times New Roman'; mso-bidi-font-family: Calibri; mso-bidi-theme-font: minor-latin; mso-fareast-language: DE;\">Organisation von Veranstaltungen oder Initiativen, die von den Verb\u00e4nden ausgerichtet, gef\u00f6rdert oder unterst\u00fctzt werden<\/span><\/li><li class=\"MsoNormal\" style=\"color: #5d646f; margin-bottom: 0cm; line-height: normal; mso-list: l10 level1 lfo10; tab-stops: list 36.0pt;\"><span style=\"font-size: 13.0pt; mso-fareast-font-family: 'Times New Roman'; mso-bidi-font-family: Calibri; mso-bidi-theme-font: minor-latin; mso-fareast-language: DE;\">Kommunikation \u00fcber die Aktivit\u00e4ten, Initiativen, die Politik und die Standpunkte des Verbandes<\/span><\/li><li class=\"MsoNormal\" style=\"color: #5d646f; margin-bottom: 0cm; line-height: normal; mso-list: l10 level1 lfo10; tab-stops: list 36.0pt;\"><span style=\"font-size: 13.0pt; mso-fareast-font-family: 'Times New Roman'; mso-bidi-font-family: Calibri; mso-bidi-theme-font: minor-latin; mso-fareast-language: DE;\">Korrespondenz, Nachrichten und Rundbriefe<\/span><\/li><li class=\"MsoNormal\" style=\"color: #5d646f; margin-bottom: 0cm; line-height: normal; mso-list: l10 level1 lfo10; tab-stops: list 36.0pt;\"><span style=\"font-size: 13.0pt; mso-fareast-font-family: 'Times New Roman'; mso-bidi-font-family: Calibri; mso-bidi-theme-font: minor-latin; mso-fareast-language: DE;\">Einhaltung der Verpflichtungen im Bereich Gesundheit und Sicherheit<\/span><\/li><li class=\"MsoNormal\" style=\"color: #5d646f; margin-bottom: 0cm; line-height: normal; mso-list: l10 level1 lfo10; tab-stops: list 36.0pt;\"><span style=\"font-size: 13.0pt; mso-fareast-font-family: 'Times New Roman'; mso-bidi-font-family: Calibri; mso-bidi-theme-font: minor-latin; mso-fareast-language: DE;\">F\u00fcr die Verb\u00e4nde kontrollierter privater Netzdienst und den Betrieb der Plattform speziell,<\/span><br \/><ul style=\"margin-top: 0cm;\" type=\"circle\"><li class=\"MsoNormal\" style=\"color: #5d646f; margin-bottom: 0cm; line-height: normal; mso-list: l10 level2 lfo10; tab-stops: list 72.0pt;\"><span style=\"font-size: 13.0pt; mso-fareast-font-family: 'Times New Roman'; mso-bidi-font-family: Calibri; mso-bidi-theme-font: minor-latin; mso-fareast-language: DE;\">Verarbeitung von Informationen, um festzustellen, ob ein autorisierter Nutzer auf die Plattform zugegriffen hat oder versucht hat, auf sie zuzugreifen;<\/span><\/li><li class=\"MsoNormal\" style=\"color: #5d646f; margin-bottom: 0cm; line-height: normal; mso-list: l10 level2 lfo10; tab-stops: list 72.0pt;\"><span style=\"font-size: 13.0pt; mso-fareast-font-family: 'Times New Roman'; mso-bidi-font-family: Calibri; mso-bidi-theme-font: minor-latin; mso-fareast-language: DE;\">Erteilung, \u00c4nderung oder L\u00f6schung von IDs und Passw\u00f6rtern f\u00fcr Nutzer der Plattform, mit der entsprechenden Befugnis, oder bei Aufhebung dieser Befugnis;<\/span><\/li><li class=\"MsoNormal\" style=\"color: #5d646f; margin-bottom: 0cm; line-height: normal; mso-list: l10 level2 lfo10; tab-stops: list 72.0pt;\"><span style=\"font-size: 13.0pt; mso-fareast-font-family: 'Times New Roman'; mso-bidi-font-family: Calibri; mso-bidi-theme-font: minor-latin; mso-fareast-language: DE;\">Management, Verwaltung, \u00dcberpr\u00fcfung und Kontrolle der von den Verb\u00e4nden genehmigten Plattformnutzung<\/span><\/li><li class=\"MsoNormal\" style=\"color: #5d646f; margin-bottom: 0cm; line-height: normal; mso-list: l10 level2 lfo10; tab-stops: list 72.0pt;\"><span lang=\"EN-US\" style=\"font-size: 13.0pt; mso-fareast-font-family: 'Times New Roman'; mso-bidi-font-family: Calibri; mso-bidi-theme-font: minor-latin; mso-ansi-language: EN-US; mso-fareast-language: DE;\">Weiterverfolgung von Betrugsf\u00e4llen.<br \/><br \/><\/span><\/li><\/ul><\/li><\/ul><ol style=\"margin-top: 0cm;\" start=\"7\" type=\"1\"><li class=\"MsoNormal\" style=\"color: #313744; margin-bottom: 0cm; line-height: normal; mso-outline-level: 4; mso-list: l8 level1 lfo11; tab-stops: list 36.0pt;\"><b>Wenn Sie keine pers\u00f6nlichen Informationen zur Verf\u00fcgung stellen<\/b><\/li><\/ol><p class=\"MsoNormal\" style=\"margin-bottom: 0cm; line-height: normal;\"><span style=\"font-size: 13.0pt; mso-fareast-font-family: 'Times New Roman'; mso-bidi-font-family: Calibri; mso-bidi-theme-font: minor-latin; color: #5d646f; mso-fareast-language: DE;\">Wenn Sie uns bestimmte Informationen nicht zur Verf\u00fcgung stellen, sind wir m\u00f6glicherweise nicht in der Lage, unsere Dienstleistungen zu erbringen und unsere T\u00e4tigkeiten auszuf\u00fchren. Wir fragen keine Informationen ab, die f\u00fcr die angegebenen Zwecke nicht unbedingt erforderlich sind.<br \/><br \/><\/span><\/p><ol style=\"margin-top: 0cm;\" start=\"8\" type=\"1\"><li class=\"MsoNormal\" style=\"color: #313744; margin-bottom: 0cm; line-height: normal; mso-outline-level: 4; mso-list: l7 level1 lfo12; tab-stops: list 36.0pt;\"><b>\u00c4nderung des Zwecks<\/b><\/li><\/ol><p class=\"MsoNormal\" style=\"margin-bottom: 0cm; line-height: normal;\"><span style=\"font-size: 13.0pt; mso-fareast-font-family: 'Times New Roman'; mso-bidi-font-family: Calibri; mso-bidi-theme-font: minor-latin; color: #5d646f; mso-fareast-language: DE;\">Wir werden Ihre personenbezogenen Daten nur f\u00fcr die Zwecke verwenden, f\u00fcr die wir sie erhoben haben, es sei denn, wir sind der Ansicht, dass wir sie f\u00fcr einen anderen Zweck verwenden m\u00fcssen und dieser Grund mit dem urspr\u00fcnglichen Zweck vereinbar ist. Wenn wir Ihre personenbezogenen Daten f\u00fcr einen anderen Zweck verwenden m\u00fcssen, werden wir Sie dar\u00fcber informieren und die Rechtsgrundlage erl\u00e4utern, die uns dies erlaubt.<\/span><\/p><p class=\"MsoNormal\" style=\"margin-bottom: 0cm; line-height: normal;\"><span style=\"font-size: 13.0pt; mso-fareast-font-family: 'Times New Roman'; mso-bidi-font-family: Calibri; mso-bidi-theme-font: minor-latin; color: #5d646f; mso-fareast-language: DE;\">Bitte beachten Sie, dass wir Ihre personenbezogenen Daten ohne Ihr Wissen oder Ihre Zustimmung in \u00dcbereinstimmung mit den oben genannten Regeln verarbeiten k\u00f6nnen, wenn dies gesetzlich vorgeschrieben oder erlaubt ist.<br \/><br \/><\/span><\/p><ol style=\"margin-top: 0cm;\" start=\"9\" type=\"1\"><li class=\"MsoNormal\" style=\"color: #313744; margin-top: 15.0pt; margin-bottom: 3.75pt; line-height: normal; mso-outline-level: 4; mso-list: l13 level1 lfo13; tab-stops: list 36.0pt;\"><span style=\"font-size: 12.0pt; mso-fareast-font-family: 'Times New Roman'; mso-bidi-font-family: Calibri; mso-bidi-theme-font: minor-latin; mso-fareast-language: DE;\">Gemeinsame Nutzung von Daten<\/span><\/li><\/ol><p class=\"MsoNormal\" style=\"margin-bottom: 0cm; line-height: normal;\"><span style=\"font-size: 13.0pt; mso-fareast-font-family: 'Times New Roman'; mso-bidi-font-family: Calibri; mso-bidi-theme-font: minor-latin; color: #5d646f; mso-fareast-language: DE;\">Es kann sein, dass wir Ihre Daten an Dritte weitergeben m\u00fcssen, unter anderem an Drittanbieter von Dienstleistungen. Wir verlangen von den Dritten, dass sie die Sicherheit Ihrer Daten respektieren und sie in \u00dcbereinstimmung mit dem Datenschutzrecht handeln.<\/span><\/p><p class=\"MsoNormal\" style=\"line-height: normal; margin: 7.5pt 0cm 0cm 0cm;\"><span style=\"font-size: 13.0pt; mso-fareast-font-family: 'Times New Roman'; mso-bidi-font-family: Calibri; mso-bidi-theme-font: minor-latin; color: #5d646f; mso-fareast-language: DE;\">\u00a0<\/span><\/p><p class=\"MsoNormal\" style=\"margin-bottom: 0cm; line-height: normal; mso-outline-level: 4;\"><b><span style=\"font-size: 12.0pt; mso-fareast-font-family: 'Times New Roman'; mso-bidi-font-family: Calibri; mso-bidi-theme-font: minor-latin; color: #313744; mso-fareast-language: DE;\">\u00a0 \u00a0 \u00a0 9.1. Warum k\u00f6nnen wir Ihre personenbezogenen Daten an Dritte weitergeben?<\/span><\/b><\/p><p class=\"MsoNormal\" style=\"margin-bottom: 0cm; line-height: normal;\"><span style=\"font-size: 13.0pt; mso-fareast-font-family: 'Times New Roman'; mso-bidi-font-family: Calibri; mso-bidi-theme-font: minor-latin; color: #5d646f; mso-fareast-language: DE;\">Wir k\u00f6nnen Ihre pers\u00f6nlichen Daten an Dritte weitergeben, wenn dies gesetzlich vorgeschrieben ist, wenn es f\u00fcr die Verwaltung der Beziehung zu Ihnen erforderlich ist oder wenn wir ein anderes berechtigtes Interesse haben.<\/span><\/p><p class=\"MsoNormal\" style=\"margin-bottom: 0cm; line-height: normal; mso-outline-level: 4;\"><b><span style=\"font-size: 12.0pt; mso-fareast-font-family: 'Times New Roman'; mso-bidi-font-family: Calibri; mso-bidi-theme-font: minor-latin; color: #313744; mso-fareast-language: DE;\">\u00a0 \u00a0 \u00a09.2. Welche Drittdienstleister verarbeiten Ihre personenbezogenen Daten?<\/span><\/b><\/p><p class=\"MsoNormal\" style=\"margin-bottom: 0cm; line-height: normal;\"><span style=\"font-size: 13.0pt; mso-fareast-font-family: 'Times New Roman'; mso-bidi-font-family: Calibri; mso-bidi-theme-font: minor-latin; color: #5d646f; mso-fareast-language: DE;\">&#8222;Dritte&#8220; umfasst auch Drittanbieter von Dienstleistungen (einschlie\u00dflich Auftragnehmer und benannte Vertreter).<\/span><\/p><p class=\"MsoNormal\" style=\"line-height: normal; margin: 7.5pt 0cm 0cm 0cm;\"><span style=\"font-size: 13.0pt; mso-fareast-font-family: 'Times New Roman'; mso-bidi-font-family: Calibri; mso-bidi-theme-font: minor-latin; color: #5d646f; mso-fareast-language: DE;\">Die folgenden Verarbeitungen werden von externen Dienstleistern im Auftrag der Verb\u00e4nde durchgef\u00fchrt:<\/span><\/p><ul style=\"margin-top: 0cm;\" type=\"disc\"><li class=\"MsoNormal\" style=\"color: #5d646f; margin-bottom: 0cm; line-height: normal; mso-list: l6 level1 lfo14; tab-stops: list 36.0pt;\"><span style=\"font-size: 13.0pt; mso-fareast-font-family: 'Times New Roman'; mso-bidi-font-family: Calibri; mso-bidi-theme-font: minor-latin; mso-fareast-language: DE;\">IT-Dienste, die von IT-Dienstleistern erbracht werden;<\/span><\/li><li class=\"MsoNormal\" style=\"color: #5d646f; margin-bottom: 0cm; line-height: normal; mso-list: l6 level1 lfo14; tab-stops: list 36.0pt;\"><span style=\"font-size: 13.0pt; mso-fareast-font-family: 'Times New Roman'; mso-bidi-font-family: Calibri; mso-bidi-theme-font: minor-latin; mso-fareast-language: DE;\">Fakturierungs- und Buchhaltungsdienstleistungen, die von externen Dienstleistern erbracht werden<\/span><\/li><li class=\"MsoNormal\" style=\"color: #5d646f; margin-bottom: 0cm; line-height: normal; mso-list: l6 level1 lfo14; tab-stops: list 36.0pt;\"><span style=\"font-size: 13.0pt; mso-fareast-font-family: 'Times New Roman'; mso-bidi-font-family: Calibri; mso-bidi-theme-font: minor-latin; mso-fareast-language: DE;\">Verwaltungsdienstleistungen und Dienstleistungen zum Schutz des Rechtsstatus der Verb\u00e4nde durch Anbieter von Rechts-, Buchhaltungs- und Verwaltungsdienstleistungen;<\/span><\/li><\/ul><p class=\"MsoListParagraph\" style=\"margin-bottom: 0cm; mso-add-space: auto; text-indent: -18.0pt; line-height: normal; mso-list: l6 level1 lfo14; tab-stops: list 36.0pt;\"><span style=\"font-size: 10.0pt; mso-bidi-font-size: 13.0pt; font-family: Symbol; mso-fareast-font-family: Symbol; mso-bidi-font-family: Symbol; color: #5d646f; mso-fareast-language: DE;\">\u00b7<span style=\"font-variant-numeric: normal; font-variant-east-asian: normal; font-variant-alternates: normal; font-size-adjust: none; font-kerning: auto; font-optical-sizing: auto; font-feature-settings: normal; font-variation-settings: normal; font-variant-position: normal; font-variant-emoji: normal; font-stretch: normal; font-size: 7pt; line-height: normal; font-family: 'Times New Roman';\">\u00a0\u00a0\u00a0\u00a0\u00a0\u00a0\u00a0 <\/span><\/span><span style=\"font-size: 13.0pt; mso-fareast-font-family: 'Times New Roman'; mso-bidi-font-family: Calibri; mso-bidi-theme-font: minor-latin; color: #5d646f; mso-fareast-language: DE;\">Insbesondere im Zusammenhang mit der sicheren Plattform der Verb\u00e4nde, die Verarbeitung personenbezogener Daten von autorisierten Nutzern, wenn die Verarbeitung dieser Daten f\u00fcr die ordnungsgem\u00e4\u00dfe Durchf\u00fchrung der kontrollierten privaten Netzwerkleistungen erforderlich ist.<\/span><\/p><p class=\"MsoNormal\" style=\"margin-bottom: 0cm; line-height: normal;\"><span style=\"font-size: 13.0pt; mso-fareast-font-family: 'Times New Roman'; mso-bidi-font-family: Calibri; mso-bidi-theme-font: minor-latin; color: #5d646f; mso-fareast-language: DE;\">\u00a0<\/span><\/p><p class=\"MsoNormal\" style=\"margin-bottom: 0cm; line-height: normal;\"><span style=\"font-size: 13.0pt; mso-fareast-font-family: 'Times New Roman'; mso-bidi-font-family: Calibri; mso-bidi-theme-font: minor-latin; color: #5d646f; mso-fareast-language: DE;\">Wir k\u00f6nnen Ihre pers\u00f6nlichen Daten an Dritte weitergeben, zum Beispiel f\u00fcr die Entwicklung und Pflege unserer Datenbank. Es kann auch sein, dass wir Ihre personenbezogenen Daten an eine Aufsichtsbeh\u00f6rde weitergeben m\u00fcssen, oder dass wir anderweitig gesetzlichen Anforderungen nachkommen m\u00fcssen.<\/span><\/p><p class=\"MsoNormal\" style=\"margin-bottom: 0cm; line-height: normal;\"><b><span style=\"font-size: 13.0pt; mso-fareast-font-family: 'Times New Roman'; mso-bidi-font-family: Calibri; mso-bidi-theme-font: minor-latin; color: #5d646f; mso-fareast-language: DE;\">\u00a0<\/span><\/b><\/p><ol style=\"margin-top: 0cm;\" start=\"10\" type=\"1\"><li class=\"MsoNormal\" style=\"color: #313744; margin-top: 15.0pt; margin-bottom: 3.75pt; line-height: normal; mso-outline-level: 4; mso-list: l16 level1 lfo15; tab-stops: list 36.0pt;\"><span style=\"font-size: 12.0pt; mso-fareast-font-family: 'Times New Roman'; mso-bidi-font-family: Calibri; mso-bidi-theme-font: minor-latin; mso-fareast-language: DE;\">Sicherheit der Daten<\/span><\/li><\/ol><p class=\"MsoNormal\" style=\"margin-bottom: 0cm; line-height: normal;\"><span style=\"font-size: 13.0pt; mso-fareast-font-family: 'Times New Roman'; mso-bidi-font-family: Calibri; mso-bidi-theme-font: minor-latin; color: #5d646f; mso-fareast-language: DE;\">Wir haben Ma\u00dfnahmen ergriffen, um die Sicherheit Ihrer Daten zu sch\u00fctzen. Dritte werden Ihre personenbezogenen Daten nur auf unsere Anweisung hin verarbeiten und wenn sie sich verpflichtet haben, die Daten vertraulich zu behandeln und sicher zu verwahren.<\/span><\/p><p class=\"MsoNormal\" style=\"line-height: normal; margin: 7.5pt 0cm 0cm 0cm;\"><span style=\"font-size: 13.0pt; mso-fareast-font-family: 'Times New Roman'; mso-bidi-font-family: Calibri; mso-bidi-theme-font: minor-latin; color: #5d646f; mso-fareast-language: DE;\">Wir haben angemessene Sicherheitsvorkehrungen getroffen, um zu verhindern, dass Ihre personenbezogenen Daten versehentlich verloren gehen, unbefugt verwendet oder abgerufen, ver\u00e4ndert oder offengelegt werden. Dar\u00fcber hinaus beschr\u00e4nken wir den Zugang zu Ihren personenbezogenen Daten auf diejenigen Mitarbeiter, Vertreter, Auftragnehmer und andere Dritte, die diese Informationen aus gesch\u00e4ftlichen Gr\u00fcnden ben\u00f6tigen. Sie werden Ihre personenbezogenen Daten nur auf unsere Anweisung hin verarbeiten und sind zur Vertraulichkeit verpflichtet.<\/span><\/p><p class=\"MsoNormal\" style=\"line-height: normal; margin: 7.5pt 0cm 0cm 0cm;\"><span style=\"font-size: 13.0pt; mso-fareast-font-family: 'Times New Roman'; mso-bidi-font-family: Calibri; mso-bidi-theme-font: minor-latin; color: #5d646f; mso-fareast-language: DE;\">Wir haben Verfahren f\u00fcr den Umgang mit mutma\u00dflichen Verst\u00f6\u00dfen gegen die Datensicherheit eingerichtet und werden Sie und alle zust\u00e4ndigen Aufsichtsbeh\u00f6rden \u00fcber einen mutma\u00dflichen Versto\u00df benachrichtigen, wenn wir gesetzlich dazu verpflichtet sind.<\/span><\/p><p class=\"MsoNormal\" style=\"line-height: normal; margin: 7.5pt 0cm 0cm 0cm;\"><span style=\"font-size: 13.0pt; mso-fareast-font-family: 'Times New Roman'; mso-bidi-font-family: Calibri; mso-bidi-theme-font: minor-latin; color: #5d646f; mso-fareast-language: DE;\">Alle unsere Drittanbieter sind verpflichtet, angemessene Sicherheitsma\u00dfnahmen zu ergreifen, um Ihre personenbezogenen Daten im Einklang mit unseren Richtlinien zu sch\u00fctzen. Wir gestatten unseren Drittanbietern nicht, Ihre personenbezogenen Daten f\u00fcr ihre eigenen Zwecke zu verwenden. Wir erlauben ihnen nur, Ihre personenbezogenen Daten f\u00fcr bestimmte Zwecke und gem\u00e4\u00df unseren Anweisungen zu verarbeiten.<\/span><\/p><ol style=\"margin-top: 0cm;\" start=\"11\" type=\"1\"><li class=\"MsoNormal\" style=\"color: #313744; margin-top: 15.0pt; margin-bottom: 3.75pt; line-height: normal; mso-outline-level: 4; mso-list: l12 level1 lfo16; tab-stops: list 36.0pt;\"><span style=\"font-size: 12.0pt; mso-fareast-font-family: 'Times New Roman'; mso-bidi-font-family: Calibri; mso-bidi-theme-font: minor-latin; mso-fareast-language: DE;\">Informationen \u00fcber die \u00dcbermittlung personenbezogener Daten au\u00dferhalb des Europ\u00e4ischen Wirtschaftsraums (EWR)<\/span><\/li><\/ol><p class=\"MsoNormal\" style=\"margin-bottom: 0cm; line-height: normal;\"><span style=\"font-size: 13.0pt; mso-fareast-font-family: 'Times New Roman'; mso-bidi-font-family: Calibri; mso-bidi-theme-font: minor-latin; color: #5d646f; mso-fareast-language: DE;\">Die Hauptgesch\u00e4ftsstellen des Verbandes und die unseres Auftragsverarbeiters befinden sich im EWR, und dort werden die \u00fcber die Website des Verbandes oder durch Interaktionen mit seinen Mitgliedern erhobenen personenbezogenen Daten verarbeitet.\u00a0 Die von den Verb\u00e4nden erhobenen personenbezogenen Daten, insbesondere die von Vertretern der Mitgliedsunternehmen des Verbandes, anderen Vertretern, Sachverst\u00e4ndigen, Dienstleistern und Personen, die mit den Verb\u00e4nden und unseren Delegierten interagieren, k\u00f6nnen an die Mitgliedsunternehmen des Verbandes, ihre Vertreter, andere Vertreter, Sachverst\u00e4ndige, Dienstleister und Personen, die mit den Verb\u00e4nden und ihren Delegierten interagieren, die in Nicht-EWR-L\u00e4ndern ans\u00e4ssig sind, \u00fcbermittelt werden, um die vertraglichen Verpflichtungen der ISOPA gegen\u00fcber ihren Mitgliedern zu erf\u00fcllen.\u00a0 Wir k\u00f6nnen auch Vertr\u00e4ge mit unseren Datenverarbeitern abschlie\u00dfen, die es erforderlich machen, dass personenbezogene Daten au\u00dferhalb des EWR \u00fcbermitteln werden, vorbehaltlich angemessener Schutzma\u00dfnahmen gem\u00e4\u00df der EU-Datenschutz-Grundverordnung und in einer Weise und zu einem Zweck, der mit dieser Richtlinie \u00fcbereinstimmt.<\/span><\/p><p class=\"MsoNormal\" style=\"line-height: normal; margin: 7.5pt 0cm 0cm 0cm;\"><span style=\"font-size: 13.0pt; mso-fareast-font-family: 'Times New Roman'; mso-bidi-font-family: Calibri; mso-bidi-theme-font: minor-latin; color: #5d646f; mso-fareast-language: DE;\">\u00a0<\/span><\/p><ol style=\"margin-top: 0cm;\" start=\"12\" type=\"1\"><li class=\"MsoNormal\" style=\"color: #313744; margin-bottom: 0cm; line-height: normal; mso-outline-level: 4; mso-list: l18 level1 lfo17; tab-stops: list 36.0pt;\"><span style=\"font-size: 12.0pt; mso-fareast-font-family: 'Times New Roman'; mso-bidi-font-family: Calibri; mso-bidi-theme-font: minor-latin; mso-fareast-language: DE;\">Wie lange werden wir Ihre Daten speichern? <\/span><\/li><\/ol><p class=\"MsoNormal\" style=\"margin-bottom: 0cm; line-height: normal;\"><span style=\"font-size: 13.0pt; mso-fareast-font-family: 'Times New Roman'; mso-bidi-font-family: Calibri; mso-bidi-theme-font: minor-latin; color: #5d646f; mso-fareast-language: DE;\">Wir werden Ihre personenbezogenen Daten nur so lange aufbewahren, wie es f\u00fcr die Erf\u00fcllung der Zwecke, f\u00fcr die wir sie gesammelt haben, erforderlich ist, einschlie\u00dflich der Erf\u00fcllung von gesetzlichen, buchhalterischen oder Berichtsanforderungen. Um die angemessene Aufbewahrungsfrist f\u00fcr personenbezogene Daten zu bestimmen, ber\u00fccksichtigen wir die Menge, die Art und die Sensibilit\u00e4t der personenbezogenen Daten, das potenzielle Risiko eines Schadens durch unbefugte Nutzung oder Offenlegung Ihrer personenbezogenen Daten, die Zwecke, f\u00fcr die wir Ihre personenbezogenen Daten verarbeiten, und ob wir diese Zwecke durch andere Mittel erreichen k\u00f6nnen, sowie die geltenden gesetzlichen Anforderungen.<\/span><\/p><p class=\"MsoNormal\" style=\"line-height: normal; margin: 7.5pt 0cm 0cm 0cm;\"><span style=\"font-size: 13.0pt; mso-fareast-font-family: 'Times New Roman'; mso-bidi-font-family: Calibri; mso-bidi-theme-font: minor-latin; color: #5d646f; mso-fareast-language: DE;\">\u00a0<\/span><\/p><ol style=\"margin-top: 0cm;\" start=\"13\" type=\"1\"><li class=\"MsoNormal\" style=\"color: #313744; margin-top: 15.0pt; margin-bottom: 3.75pt; line-height: normal; mso-outline-level: 4; mso-list: l17 level1 lfo18; tab-stops: list 36.0pt;\"><span style=\"font-size: 12.0pt; mso-fareast-font-family: 'Times New Roman'; mso-bidi-font-family: Calibri; mso-bidi-theme-font: minor-latin; mso-fareast-language: DE;\">Ihre Rechte und Pflichten<\/span><\/li><\/ol><p class=\"MsoNormal\" style=\"margin-bottom: 0cm; line-height: normal;\"><span style=\"font-size: 13.0pt; mso-fareast-font-family: 'Times New Roman'; mso-bidi-font-family: Calibri; mso-bidi-theme-font: minor-latin; color: #5d646f; mso-fareast-language: DE;\">Es ist wichtig, dass die pers\u00f6nlichen Daten, die wir \u00fcber Sie haben, korrekt und aktuell sind. Bitte informieren Sie uns, wenn sich Ihre pers\u00f6nlichen Daten \u00e4ndern.<\/span><\/p><p class=\"MsoNormal\" style=\"line-height: normal; margin: 7.5pt 0cm 0cm 0cm;\"><span style=\"font-size: 13.0pt; mso-fareast-font-family: 'Times New Roman'; mso-bidi-font-family: Calibri; mso-bidi-theme-font: minor-latin; color: #5d646f; mso-fareast-language: DE;\">Sie haben das Recht:<\/span><\/p><ul style=\"margin-top: 0cm;\" type=\"disc\"><li class=\"MsoNormal\" style=\"color: #5d646f; margin-bottom: 0cm; line-height: normal; mso-list: l11 level1 lfo19; tab-stops: list 36.0pt;\"><span style=\"font-size: 13.0pt; mso-fareast-font-family: 'Times New Roman'; mso-bidi-font-family: Calibri; mso-bidi-theme-font: minor-latin; mso-fareast-language: DE;\">Zugang zu Ihren pers\u00f6nlichen Daten zu beantragen.<\/span><\/li><li class=\"MsoNormal\" style=\"color: #5d646f; margin-bottom: 0cm; line-height: normal; mso-list: l11 level1 lfo19; tab-stops: list 36.0pt;\"><span style=\"font-size: 13.0pt; mso-fareast-font-family: 'Times New Roman'; mso-bidi-font-family: Calibri; mso-bidi-theme-font: minor-latin; mso-fareast-language: DE;\">die Berichtigung der personenbezogenen Daten, die wir \u00fcber Sie gespeichert haben, zu beantragen.<\/span><\/li><li class=\"MsoNormal\" style=\"color: #5d646f; margin-bottom: 0cm; line-height: normal; mso-list: l11 level1 lfo19; tab-stops: list 36.0pt;\"><span style=\"font-size: 13.0pt; mso-fareast-font-family: 'Times New Roman'; mso-bidi-font-family: Calibri; mso-bidi-theme-font: minor-latin; mso-fareast-language: DE;\">die L\u00f6schung Ihrer personenbezogenen Daten zu beantragen. Das bedeutet, dass Sie uns auffordern k\u00f6nnen, personenbezogene Daten zu l\u00f6schen oder zu entfernen, wenn es keinen triftigen Grund gibt, diese weiter zu verarbeiten. Die L\u00f6schung von Daten k\u00f6nnte dazu f\u00fchren, dass wir unsere Dienstleistungen nicht mehr erbringen k\u00f6nnen.<\/span><\/li><li class=\"MsoNormal\" style=\"color: #5d646f; margin-bottom: 0cm; line-height: normal; mso-list: l11 level1 lfo19; tab-stops: list 36.0pt;\"><span style=\"font-size: 13.0pt; mso-fareast-font-family: 'Times New Roman'; mso-bidi-font-family: Calibri; mso-bidi-theme-font: minor-latin; mso-fareast-language: DE;\">Widerspruch gegen die Verarbeitung Ihrer personenbezogenen Daten einzulegen, wenn wir uns auf ein berechtigtes Interesse berufen.<\/span><\/li><li class=\"MsoNormal\" style=\"color: #5d646f; margin-bottom: 0cm; line-height: normal; mso-list: l11 level1 lfo19; tab-stops: list 36.0pt;\"><span style=\"font-size: 13.0pt; mso-fareast-font-family: 'Times New Roman'; mso-bidi-font-family: Calibri; mso-bidi-theme-font: minor-latin; mso-fareast-language: DE;\">die Einschr\u00e4nkung der Verarbeitung Ihrer personenbezogenen Daten zu verlangen.<\/span><\/li><li class=\"MsoNormal\" style=\"color: #5d646f; margin-bottom: 0cm; line-height: normal; mso-list: l11 level1 lfo19; tab-stops: list 36.0pt;\"><span style=\"font-size: 13.0pt; mso-fareast-font-family: 'Times New Roman'; mso-bidi-font-family: Calibri; mso-bidi-theme-font: minor-latin; mso-fareast-language: DE;\">die \u00dcbermittlung Ihrer personenbezogenen Daten an eine andere Partei zu verlangen, wenn die Verarbeitung auf einer Einwilligung oder auf der Erf\u00fcllung einer vertraglichen Verpflichtung beruht oder mit Hilfe automatisierter Verfahren erfolgt.<\/span><\/li><\/ul><p class=\"MsoNormal\" style=\"margin-bottom: 0cm; line-height: normal;\"><span style=\"font-size: 13.0pt; mso-fareast-font-family: 'Times New Roman'; mso-bidi-font-family: Calibri; mso-bidi-theme-font: minor-latin; color: #5d646f; mso-fareast-language: DE;\">Wenn Sie diese Rechte aus\u00fcben m\u00f6chten, wenden Sie sich bitte schriftlich an den Datenschutzbeauftragten (Einzelheiten siehe unten).<\/span><\/p><p class=\"MsoNormal\" style=\"line-height: normal; margin: 7.5pt 0cm 0cm 0cm;\"><span style=\"font-size: 13.0pt; mso-fareast-font-family: 'Times New Roman'; mso-bidi-font-family: Calibri; mso-bidi-theme-font: minor-latin; color: #5d646f; mso-fareast-language: DE;\">F\u00fcr die Einsichtnahme in Ihre personenbezogenen Daten (oder die Aus\u00fcbung anderer Rechte) m\u00fcssen Sie keine Geb\u00fchren entrichten. Wir k\u00f6nnen jedoch eine angemessene Geb\u00fchr erheben, wenn Ihr Antrag auf Zugang zu Ihren Daten offensichtlich unbegr\u00fcndet oder f\u00fcr uns \u00fcberm\u00e4\u00dfig aufw\u00e4ndig ist. Alternativ dazu k\u00f6nnen wir unter solchen Umst\u00e4nden die Beantwortung des Antrags verweigern.<\/span><\/p><p class=\"MsoNormal\" style=\"line-height: normal; margin: 7.5pt 0cm 0cm 0cm;\"><span style=\"font-size: 13.0pt; mso-fareast-font-family: 'Times New Roman'; mso-bidi-font-family: Calibri; mso-bidi-theme-font: minor-latin; color: #5d646f; mso-fareast-language: DE;\">Es kann sein, dass wir bestimmte Informationen von Ihnen anfordern m\u00fcssen, um Ihre Identit\u00e4t zu best\u00e4tigen und Ihr Recht auf Zugang zu den Informationen (oder auf die Aus\u00fcbung Ihrer anderen Rechte) zu gew\u00e4hrleisten. Dies ist eine weitere angemessene Sicherheitsma\u00dfnahme, um sicherzustellen, dass personenbezogene Daten nicht an Personen weitergegeben werden, die kein Recht haben, sie zu erhalten.<\/span><\/p><p class=\"MsoNormal\" style=\"margin-bottom: 0cm; line-height: normal;\"><span style=\"font-size: 13.0pt; mso-fareast-font-family: 'Times New Roman'; mso-bidi-font-family: Calibri; mso-bidi-theme-font: minor-latin; color: #5d646f; mso-fareast-language: DE;\">\u00a0<\/span><\/p><ol style=\"margin-top: 0cm;\" start=\"14\" type=\"1\"><li class=\"MsoNormal\" style=\"color: #313744; margin-top: 15.0pt; margin-bottom: 3.75pt; line-height: normal; mso-outline-level: 4; mso-list: l5 level1 lfo20; tab-stops: list 36.0pt;\"><span style=\"font-size: 12.0pt; mso-fareast-font-family: 'Times New Roman'; mso-bidi-font-family: Calibri; mso-bidi-theme-font: minor-latin; mso-fareast-language: DE;\">Datenschutzbeauftragter<\/span><\/li><\/ol><p class=\"MsoNormal\" style=\"margin-bottom: 0cm; line-height: normal;\"><span style=\"font-size: 13.0pt; mso-fareast-font-family: 'Times New Roman'; mso-bidi-font-family: Calibri; mso-bidi-theme-font: minor-latin; color: #5d646f; mso-fareast-language: DE;\">Wir haben einen Datenschutzbeauftragten (DSB) ernannt, der die Einhaltung dieses Datenschutzhinweises \u00fcberwacht. Wenn Sie Fragen zu diesem Datenschutzhinweis oder zum Umgang mit Ihren personenbezogenen Daten haben, wenden Sie sich bitte an den Generalsekret\u00e4r der ISOPA unter den folgenden Kontaktangaben:<\/span><\/p><p class=\"MsoNormal\" style=\"margin-bottom: 0cm; line-height: normal;\"><i><span style=\"font-size: 13.0pt; mso-fareast-font-family: 'Times New Roman'; mso-bidi-font-family: Calibri; mso-bidi-theme-font: minor-latin; color: #5d646f; mso-fareast-language: DE;\"><span class=\"msoIns\"><ins cite=\"mailto:Frank%20Van%20Elten\" datetime=\"2021-12-08T09:13\">\u00a0<\/ins><\/span><\/span><\/i><\/p><p class=\"MsoNormal\" style=\"margin-bottom: 0cm; line-height: normal;\"><i><span style=\"font-size: 13.0pt; mso-fareast-font-family: 'Times New Roman'; mso-bidi-font-family: Calibri; mso-bidi-theme-font: minor-latin; color: #5d646f; mso-fareast-language: DE;\">ISOPA AISBL &#8211; ALIPA AISBL<\/span><\/i><\/p><p class=\"MsoNormal\" style=\"margin-bottom: 0cm; line-height: normal;\"><i><span style=\"font-size: 13.0pt; mso-fareast-font-family: 'Times New Roman'; mso-bidi-font-family: Calibri; mso-bidi-theme-font: minor-latin; color: #5d646f; mso-fareast-language: DE;\">Zu H\u00e4nden des Generalsekret\u00e4rs,<\/span><\/i><\/p><p class=\"MsoNormal\" style=\"line-height: normal; margin: 7.5pt 0cm 0cm 0cm;\"><span style=\"font-size: 13.0pt; mso-fareast-font-family: 'Times New Roman'; mso-bidi-font-family: Calibri; mso-bidi-theme-font: minor-latin; color: #5d646f; mso-fareast-language: DE;\">Rue Belliard 65,<\/span><\/p><p class=\"MsoNormal\" style=\"margin-bottom: 0cm; line-height: normal;\"><span style=\"font-size: 13.0pt; mso-fareast-font-family: 'Times New Roman'; mso-bidi-font-family: Calibri; mso-bidi-theme-font: minor-latin; color: #5d646f; mso-fareast-language: DE;\">B-1040 Etterbeek, Belgien<i>,<\/i><\/span><\/p><p class=\"MsoNormal\" style=\"margin-bottom: 0cm; line-height: normal;\"><a href=\"mailto:main@isopa.org\"><i><span style=\"font-size: 13.0pt; mso-fareast-font-family: 'Times New Roman'; mso-bidi-font-family: Calibri; mso-bidi-theme-font: minor-latin; color: #2daae1; mso-fareast-language: DE;\">main@isopa.org<\/span><\/i><\/a><\/p><p class=\"MsoNormal\" style=\"margin-bottom: 0cm; line-height: normal;\"><i><span style=\"font-size: 13.0pt; mso-fareast-font-family: 'Times New Roman'; mso-bidi-font-family: Calibri; mso-bidi-theme-font: minor-latin; color: #5d646f; mso-fareast-language: DE;\">Tel: + 32 2 786 35 53<\/span><\/i><\/p><p class=\"MsoNormal\" style=\"line-height: normal; margin: 7.5pt 0cm 0cm 0cm;\"><span style=\"font-size: 13.0pt; mso-fareast-font-family: 'Times New Roman'; mso-bidi-font-family: Calibri; mso-bidi-theme-font: minor-latin; color: #5d646f; mso-fareast-language: DE;\">\u00a0<\/span><\/p><p class=\"MsoNormal\" style=\"line-height: normal; margin: 7.5pt 0cm 0cm 0cm;\"><span style=\"font-size: 13.0pt; mso-fareast-font-family: 'Times New Roman'; mso-bidi-font-family: Calibri; mso-bidi-theme-font: minor-latin; color: #5d646f; mso-fareast-language: DE;\">Unbeschadet eines anderweitigen verwaltungsrechtlichen oder gerichtlichen Rechtsbehelfs steht Ihnen das Recht auf Beschwerde bei einer Aufsichtsbeh\u00f6rde, insbesondere in dem Land Ihres gew\u00f6hnlichen Aufenthaltsorts, Ihres Arbeitsplatzes oder des Orts des mutma\u00dflichen Versto\u00dfes, zu, wenn Sie der Ansicht sind, dass die Verarbeitung der Sie betreffenden personenbezogenen Daten gegen die Ihnen nach den geltenden Datenschutzbestimmungen zustehenden Rechte verst\u00f6\u00dft.<\/span><\/p><p class=\"MsoNormal\" style=\"line-height: normal; margin: 7.5pt 0cm 0cm 0cm;\"><span style=\"font-size: 13.0pt; mso-fareast-font-family: 'Times New Roman'; mso-bidi-font-family: Calibri; mso-bidi-theme-font: minor-latin; color: #5d646f; mso-fareast-language: DE;\">\u00a0<\/span><\/p><ol style=\"margin-top: 0cm;\" start=\"15\" type=\"1\"><li class=\"MsoNormal\" style=\"color: #313744; margin-top: 15.0pt; margin-bottom: 3.75pt; line-height: normal; mso-outline-level: 4; mso-list: l0 level1 lfo21; tab-stops: list 36.0pt;\"><span style=\"font-size: 12.0pt; mso-fareast-font-family: 'Times New Roman'; mso-bidi-font-family: Calibri; mso-bidi-theme-font: minor-latin; mso-fareast-language: DE;\">\u00c4nderungen dieses Datenschutzhinweises<\/span><\/li><\/ol><p class=\"MsoNormal\" style=\"margin-bottom: 0cm; line-height: normal;\"><span style=\"font-size: 13.0pt; mso-fareast-font-family: 'Times New Roman'; mso-bidi-font-family: Calibri; mso-bidi-theme-font: minor-latin; color: #5d646f; mso-fareast-language: DE;\">Wir behalten uns das Recht vor, diesen Datenschutzhinweis jederzeit zu aktualisieren, und wir werden Ihnen bei wesentlichen Aktualisierungen einen neuen Datenschutzhinweis zukommen lassen, wenn Sie uns Ihre Kontaktdaten zur Verf\u00fcgung stellen.<\/span><\/p><p class=\"MsoNormal\"><span style=\"font-size: 13.0pt; line-height: 107%; mso-fareast-font-family: 'Times New Roman'; mso-bidi-font-family: Calibri; mso-bidi-theme-font: minor-latin; color: #5d646f; mso-fareast-language: DE;\">\u00a0<\/span><\/p>\t\t\t\t\t\t\t\t<\/div>\n\t\t\t\t<\/div>\n\t\t\t\t\t<\/div>\n\t\t\t\t<\/div>\n\t\t\t\t<\/div>\n\t\t","protected":false},"excerpt":{"rendered":"<p>Datenschutz &amp; GDPR-Richtlinie Europ\u00e4ischer Verband der Hersteller von Diisocyanaten und Polyolen (ISOPA) Internationaler gemeinn\u00fctziger Verband Sitz an der Rue Belliard 65, B-1040 Etterbeek, Belgien Unternehmens-\/Mehrwertsteuernummer \u00a0BE0649.434.695, RPM Bruxelles Europ\u00e4ischer Verband der Hersteller aliphatischer Isocyanate (ALIPA) Internationaler gemeinn\u00fctziger Verband Sitz an der Rue Belliard 65, B-1040 Etterbeek, Belgien Unternehmens-\/Mehrwertsteuernummer BE0673.850.981, RPM Bruxelles (Die &#8220; Verb\u00e4nde &#8222;) [&hellip;]<\/p>\n","protected":false},"author":12,"featured_media":0,"parent":0,"menu_order":0,"comment_status":"closed","ping_status":"closed","template":"","meta":{"footnotes":""},"class_list":["post-4434","page","type-page","status-publish","hentry"],"yoast_head":"<!-- This site is optimized with the Yoast SEO plugin v27.4 - https:\/\/yoast.com\/product\/yoast-seo-wordpress\/ -->\n<title>Datenschutz - Safe use diisocyanates<\/title>\n<meta name=\"robots\" content=\"index, follow, max-snippet:-1, max-image-preview:large, max-video-preview:-1\" \/>\n<link rel=\"canonical\" href=\"https:\/\/safeusediisocyanates.eu\/de\/datenschutzrichtlinien\/\" \/>\n<meta property=\"og:locale\" content=\"de_DE\" \/>\n<meta property=\"og:type\" content=\"article\" \/>\n<meta property=\"og:title\" content=\"Datenschutz - Safe use diisocyanates\" \/>\n<meta property=\"og:description\" content=\"Datenschutz &amp; GDPR-Richtlinie Europ\u00e4ischer Verband der Hersteller von Diisocyanaten und Polyolen (ISOPA) Internationaler gemeinn\u00fctziger Verband Sitz an der Rue Belliard 65, B-1040 Etterbeek, Belgien Unternehmens-\/Mehrwertsteuernummer \u00a0BE0649.434.695, RPM Bruxelles Europ\u00e4ischer Verband der Hersteller aliphatischer Isocyanate (ALIPA) Internationaler gemeinn\u00fctziger Verband Sitz an der Rue Belliard 65, B-1040 Etterbeek, Belgien Unternehmens-\/Mehrwertsteuernummer BE0673.850.981, RPM Bruxelles (Die &#8220; Verb\u00e4nde &#8222;) [&hellip;]\" \/>\n<meta property=\"og:url\" content=\"https:\/\/safeusediisocyanates.eu\/de\/datenschutzrichtlinien\/\" \/>\n<meta property=\"og:site_name\" content=\"Safe use diisocyanates\" \/>\n<meta property=\"article:modified_time\" content=\"2025-01-30T11:04:00+00:00\" \/>\n<meta property=\"og:image\" content=\"https:\/\/safeusediisocyanates.eu\/wp-content\/uploads\/2024\/05\/og-image.jpg\" \/>\n\t<meta property=\"og:image:width\" content=\"1200\" \/>\n\t<meta property=\"og:image:height\" content=\"675\" \/>\n\t<meta property=\"og:image:type\" content=\"image\/jpeg\" \/>\n<meta name=\"twitter:card\" content=\"summary_large_image\" \/>\n<meta name=\"twitter:label1\" content=\"Gesch\u00e4tzte Lesezeit\" \/>\n\t<meta name=\"twitter:data1\" content=\"12\u00a0Minuten\" \/>\n<script type=\"application\/ld+json\" class=\"yoast-schema-graph\">{\"@context\":\"https:\\\/\\\/schema.org\",\"@graph\":[{\"@type\":\"WebPage\",\"@id\":\"https:\\\/\\\/safeusediisocyanates.eu\\\/de\\\/datenschutzrichtlinien\\\/\",\"url\":\"https:\\\/\\\/safeusediisocyanates.eu\\\/de\\\/datenschutzrichtlinien\\\/\",\"name\":\"Datenschutz - Safe use diisocyanates\",\"isPartOf\":{\"@id\":\"https:\\\/\\\/safeusediisocyanates.eu\\\/pl\\\/#website\"},\"datePublished\":\"2025-01-30T10:41:46+00:00\",\"dateModified\":\"2025-01-30T11:04:00+00:00\",\"breadcrumb\":{\"@id\":\"https:\\\/\\\/safeusediisocyanates.eu\\\/de\\\/datenschutzrichtlinien\\\/#breadcrumb\"},\"inLanguage\":\"de\",\"potentialAction\":[{\"@type\":\"ReadAction\",\"target\":[\"https:\\\/\\\/safeusediisocyanates.eu\\\/de\\\/datenschutzrichtlinien\\\/\"]}]},{\"@type\":\"BreadcrumbList\",\"@id\":\"https:\\\/\\\/safeusediisocyanates.eu\\\/de\\\/datenschutzrichtlinien\\\/#breadcrumb\",\"itemListElement\":[{\"@type\":\"ListItem\",\"position\":1,\"name\":\"Home\",\"item\":\"https:\\\/\\\/safeusediisocyanates.eu\\\/de\\\/home\\\/\"},{\"@type\":\"ListItem\",\"position\":2,\"name\":\"Datenschutz\"}]},{\"@type\":\"WebSite\",\"@id\":\"https:\\\/\\\/safeusediisocyanates.eu\\\/pl\\\/#website\",\"url\":\"https:\\\/\\\/safeusediisocyanates.eu\\\/pl\\\/\",\"name\":\"Safe use diisocyanates\",\"description\":\"\",\"publisher\":{\"@id\":\"https:\\\/\\\/safeusediisocyanates.eu\\\/pl\\\/#organization\"},\"potentialAction\":[{\"@type\":\"SearchAction\",\"target\":{\"@type\":\"EntryPoint\",\"urlTemplate\":\"https:\\\/\\\/safeusediisocyanates.eu\\\/pl\\\/?s={search_term_string}\"},\"query-input\":{\"@type\":\"PropertyValueSpecification\",\"valueRequired\":true,\"valueName\":\"search_term_string\"}}],\"inLanguage\":\"de\"},{\"@type\":\"Organization\",\"@id\":\"https:\\\/\\\/safeusediisocyanates.eu\\\/pl\\\/#organization\",\"name\":\"Safe use diisocyanates\",\"url\":\"https:\\\/\\\/safeusediisocyanates.eu\\\/pl\\\/\",\"logo\":{\"@type\":\"ImageObject\",\"inLanguage\":\"de\",\"@id\":\"https:\\\/\\\/safeusediisocyanates.eu\\\/pl\\\/#\\\/schema\\\/logo\\\/image\\\/\",\"url\":\"https:\\\/\\\/safeusediisocyanates.eu\\\/wp-content\\\/uploads\\\/2024\\\/04\\\/sud-logo.jpg\",\"contentUrl\":\"https:\\\/\\\/safeusediisocyanates.eu\\\/wp-content\\\/uploads\\\/2024\\\/04\\\/sud-logo.jpg\",\"width\":260,\"height\":172,\"caption\":\"Safe use diisocyanates\"},\"image\":{\"@id\":\"https:\\\/\\\/safeusediisocyanates.eu\\\/pl\\\/#\\\/schema\\\/logo\\\/image\\\/\"}}]}<\/script>\n<!-- \/ Yoast SEO plugin. -->","yoast_head_json":{"title":"Datenschutz - Safe use diisocyanates","robots":{"index":"index","follow":"follow","max-snippet":"max-snippet:-1","max-image-preview":"max-image-preview:large","max-video-preview":"max-video-preview:-1"},"canonical":"https:\/\/safeusediisocyanates.eu\/de\/datenschutzrichtlinien\/","og_locale":"de_DE","og_type":"article","og_title":"Datenschutz - Safe use diisocyanates","og_description":"Datenschutz &amp; GDPR-Richtlinie Europ\u00e4ischer Verband der Hersteller von Diisocyanaten und Polyolen (ISOPA) Internationaler gemeinn\u00fctziger Verband Sitz an der Rue Belliard 65, B-1040 Etterbeek, Belgien Unternehmens-\/Mehrwertsteuernummer \u00a0BE0649.434.695, RPM Bruxelles Europ\u00e4ischer Verband der Hersteller aliphatischer Isocyanate (ALIPA) Internationaler gemeinn\u00fctziger Verband Sitz an der Rue Belliard 65, B-1040 Etterbeek, Belgien Unternehmens-\/Mehrwertsteuernummer BE0673.850.981, RPM Bruxelles (Die &#8220; Verb\u00e4nde &#8222;) [&hellip;]","og_url":"https:\/\/safeusediisocyanates.eu\/de\/datenschutzrichtlinien\/","og_site_name":"Safe use diisocyanates","article_modified_time":"2025-01-30T11:04:00+00:00","og_image":[{"width":1200,"height":675,"url":"https:\/\/safeusediisocyanates.eu\/wp-content\/uploads\/2024\/05\/og-image.jpg","type":"image\/jpeg"}],"twitter_card":"summary_large_image","twitter_misc":{"Gesch\u00e4tzte Lesezeit":"12\u00a0Minuten"},"schema":{"@context":"https:\/\/schema.org","@graph":[{"@type":"WebPage","@id":"https:\/\/safeusediisocyanates.eu\/de\/datenschutzrichtlinien\/","url":"https:\/\/safeusediisocyanates.eu\/de\/datenschutzrichtlinien\/","name":"Datenschutz - Safe use diisocyanates","isPartOf":{"@id":"https:\/\/safeusediisocyanates.eu\/pl\/#website"},"datePublished":"2025-01-30T10:41:46+00:00","dateModified":"2025-01-30T11:04:00+00:00","breadcrumb":{"@id":"https:\/\/safeusediisocyanates.eu\/de\/datenschutzrichtlinien\/#breadcrumb"},"inLanguage":"de","potentialAction":[{"@type":"ReadAction","target":["https:\/\/safeusediisocyanates.eu\/de\/datenschutzrichtlinien\/"]}]},{"@type":"BreadcrumbList","@id":"https:\/\/safeusediisocyanates.eu\/de\/datenschutzrichtlinien\/#breadcrumb","itemListElement":[{"@type":"ListItem","position":1,"name":"Home","item":"https:\/\/safeusediisocyanates.eu\/de\/home\/"},{"@type":"ListItem","position":2,"name":"Datenschutz"}]},{"@type":"WebSite","@id":"https:\/\/safeusediisocyanates.eu\/pl\/#website","url":"https:\/\/safeusediisocyanates.eu\/pl\/","name":"Safe use diisocyanates","description":"","publisher":{"@id":"https:\/\/safeusediisocyanates.eu\/pl\/#organization"},"potentialAction":[{"@type":"SearchAction","target":{"@type":"EntryPoint","urlTemplate":"https:\/\/safeusediisocyanates.eu\/pl\/?s={search_term_string}"},"query-input":{"@type":"PropertyValueSpecification","valueRequired":true,"valueName":"search_term_string"}}],"inLanguage":"de"},{"@type":"Organization","@id":"https:\/\/safeusediisocyanates.eu\/pl\/#organization","name":"Safe use diisocyanates","url":"https:\/\/safeusediisocyanates.eu\/pl\/","logo":{"@type":"ImageObject","inLanguage":"de","@id":"https:\/\/safeusediisocyanates.eu\/pl\/#\/schema\/logo\/image\/","url":"https:\/\/safeusediisocyanates.eu\/wp-content\/uploads\/2024\/04\/sud-logo.jpg","contentUrl":"https:\/\/safeusediisocyanates.eu\/wp-content\/uploads\/2024\/04\/sud-logo.jpg","width":260,"height":172,"caption":"Safe use diisocyanates"},"image":{"@id":"https:\/\/safeusediisocyanates.eu\/pl\/#\/schema\/logo\/image\/"}}]}},"_links":{"self":[{"href":"https:\/\/safeusediisocyanates.eu\/de\/wp-json\/wp\/v2\/pages\/4434","targetHints":{"allow":["GET"]}}],"collection":[{"href":"https:\/\/safeusediisocyanates.eu\/de\/wp-json\/wp\/v2\/pages"}],"about":[{"href":"https:\/\/safeusediisocyanates.eu\/de\/wp-json\/wp\/v2\/types\/page"}],"author":[{"embeddable":true,"href":"https:\/\/safeusediisocyanates.eu\/de\/wp-json\/wp\/v2\/users\/12"}],"replies":[{"embeddable":true,"href":"https:\/\/safeusediisocyanates.eu\/de\/wp-json\/wp\/v2\/comments?post=4434"}],"version-history":[{"count":11,"href":"https:\/\/safeusediisocyanates.eu\/de\/wp-json\/wp\/v2\/pages\/4434\/revisions"}],"predecessor-version":[{"id":4449,"href":"https:\/\/safeusediisocyanates.eu\/de\/wp-json\/wp\/v2\/pages\/4434\/revisions\/4449"}],"wp:attachment":[{"href":"https:\/\/safeusediisocyanates.eu\/de\/wp-json\/wp\/v2\/media?parent=4434"}],"curies":[{"name":"wp","href":"https:\/\/api.w.org\/{rel}","templated":true}]}}